

{"id":1838,"date":"2024-10-22T19:34:51","date_gmt":"2024-10-22T17:34:51","guid":{"rendered":"https:\/\/tatoulu.org\/?page_id=1838"},"modified":"2024-10-22T19:34:51","modified_gmt":"2024-10-22T17:34:51","slug":"temoignage-dune-prof-documentaliste","status":"publish","type":"page","link":"https:\/\/tatoulu.org\/index.php\/temoignage-dune-prof-documentaliste\/","title":{"rendered":"T\u00e9moignage d&rsquo;une prof documentaliste"},"content":{"rendered":"\n<p><em>Octobre 2024.<\/em><\/p>\n\n\n\n<p class=\"has-medium-font-size\">Je suis en poste \u00e0 Agen, \u00e0 mi-temps dans un coll\u00e8ge et \u00e0 mi-temps dans un lyc\u00e9e.<\/p>\n\n\n\n<p>J\u2019ai rejoint Tatoulu en 2017 au lyc\u00e9e, gr\u00e2ce \u00e0 une professeur de lettres qui fait participer ses classes au prix (dont une classe de 1\u00e8re). J\u2019ai cr\u00e9\u00e9 en parall\u00e8le un club \u00ab d\u00e9jeunons Tatoulu \u00bb ouvert \u00e0 tous les \u00e9l\u00e8ves de la seconde \u00e0 la terminale.<\/p>\n\n\n\n<hr class=\"wp-block-separator has-alpha-channel-opacity\"\/>\n\n\n\n<p>Au coll\u00e8ge, j&rsquo;inscris le club de lecteurs du CDI au prix Tatoulu depuis 2021. J&rsquo;avais choisi initialement la s\u00e9lection Tatou Rouge afin de correspondre au plus grand nombre d\u2019\u00e9l\u00e8ves inscrits : 10 \u00e9l\u00e8ves de 5\u00e8me et 2 de 4\u00e8me. En parall\u00e8le, le professeur de la classe de 5\u00e8me SEGPA avait adh\u00e9r\u00e9 au projet avec la s\u00e9lection Tatou Vert. En 2022-23, 2 \u00e9l\u00e8ves de 6\u00e8me ont rejoint le groupe.<\/p>\n\n\n\n<p>J\u2019anime une r\u00e9union par mois, sur le temps de la pause m\u00e9ridienne, d\u2019octobre \u00e0 juin, pour \u00ab rencontrer \u00bb un livre de la s\u00e9lection autour d\u2019une activit\u00e9 qui amorce le d\u00e9bat.<\/p>\n\n\n\n<hr class=\"wp-block-separator has-alpha-channel-opacity\"\/>\n\n\n\n<figure class=\"wp-block-image size-large\"><img loading=\"lazy\" decoding=\"async\" width=\"1024\" height=\"506\" src=\"https:\/\/tatoulu.org\/wp-content\/uploads\/Panneau-Tatou-rouge-1024x506.jpg\" alt=\"\" class=\"wp-image-1842\" srcset=\"https:\/\/tatoulu.org\/wp-content\/uploads\/Panneau-Tatou-rouge-1024x506.jpg 1024w, https:\/\/tatoulu.org\/wp-content\/uploads\/Panneau-Tatou-rouge-300x148.jpg 300w, https:\/\/tatoulu.org\/wp-content\/uploads\/Panneau-Tatou-rouge-768x379.jpg 768w, https:\/\/tatoulu.org\/wp-content\/uploads\/Panneau-Tatou-rouge.jpg 1148w\" sizes=\"auto, (max-width: 709px) 85vw, (max-width: 909px) 67vw, (max-width: 1362px) 62vw, 840px\" \/><\/figure>\n\n\n\n<p><em>Un panneau est d\u00e9di\u00e9 au sein du CDI au prix Tatoulu avec les affiches du prix par s\u00e9lection, le planning pr\u00e9visionnel et \u00ab de quoi susciter l\u2019int\u00e9r\u00eat\u2026 \u00bb<\/em><\/p>\n\n\n\n<figure class=\"wp-block-image size-large\"><img loading=\"lazy\" decoding=\"async\" width=\"1024\" height=\"422\" src=\"https:\/\/tatoulu.org\/wp-content\/uploads\/Panneau-Tatou-blanc-1024x422.jpg\" alt=\"\" class=\"wp-image-1841\" srcset=\"https:\/\/tatoulu.org\/wp-content\/uploads\/Panneau-Tatou-blanc-1024x422.jpg 1024w, https:\/\/tatoulu.org\/wp-content\/uploads\/Panneau-Tatou-blanc-300x124.jpg 300w, https:\/\/tatoulu.org\/wp-content\/uploads\/Panneau-Tatou-blanc-768x317.jpg 768w, https:\/\/tatoulu.org\/wp-content\/uploads\/Panneau-Tatou-blanc.jpg 1150w\" sizes=\"auto, (max-width: 709px) 85vw, (max-width: 909px) 67vw, (max-width: 1362px) 62vw, 840px\" \/><\/figure>\n\n\n\n<hr class=\"wp-block-separator has-alpha-channel-opacity\"\/>\n\n\n\n<p>En 2023, les \u00e9l\u00e8ves \u00e9taient si nombreux \u00e0 la r\u00e9union d\u2019information avant les vacances de Toussaint que j\u2019ai d\u00fb faire deux groupes et j&rsquo;ai inscrit le coll\u00e8ge pour les s\u00e9lections Rouge (6e-5e) et Blanc (4e-3e).<\/p>\n\n\n\n<p>Bilan, en 2023-24 : 12 \u00e9l\u00e8ves de 6e, 8 \u00e9l\u00e8ves de 5e, 5 \u00e9l\u00e8ves de 4e, 7 \u00e9l\u00e8ves de 3e ont particip\u00e9 r\u00e9guli\u00e8rement aux r\u00e9unions et certains ont lu les livres des deux s\u00e9lections et ont donc pu voter pour le Prix Tatou Rouge et Tatou Blanc.<\/p>\n\n\n\n<hr class=\"wp-block-separator has-alpha-channel-opacity\"\/>\n\n\n\n<p>Nouveau d\u00e9fi en 2023 : essayer de convaincre les adultes. J\u2019ai donc propos\u00e9 la s\u00e9lection Tatou noir \u00e0 la r\u00e9union de pr\u00e9-rentr\u00e9e aux adultes, enseignants et membres du personnel de l\u2019ensemble de l\u2019\u00e9tablissement : 11 adultes ont particip\u00e9 au prix.<\/p>\n\n\n\n<p>Le groupe d\u2019adultes, constitu\u00e9 d\u2019enseignants du primaire ou du coll\u00e8ge n\u2019a pu se r\u00e9unir qu\u2019\u00e0 deux reprises au cours de l\u2019ann\u00e9e mais les \u00e9changes en salle des profs \u00e9taient nombreux autour de la bo\u00eete \u00e0 livres install\u00e9e pour l\u2019occasion.<\/p>\n\n\n\n<p>Peut-\u00eatre certains inscriront-ils leurs classes \u00e0 l\u2019avenir ? <\/p>\n\n\n\n<hr class=\"wp-block-separator has-alpha-channel-opacity\"\/>\n\n\n\n<p>En ce qui concerne les \u00e9l\u00e8ves, toujours le m\u00eame constat, une fois qu\u2019ils sont inscrits, ils sont tr\u00e8s assidus, appr\u00e9ciant de venir au CDI (pour certains avec leur sandwich) pour \u00e9changer et d\u00e9battre d\u2019un th\u00e8me qui les touche ou leur pose question.<\/p>\n\n\n\n<p>Quatre \u00e9l\u00e8ves ont m\u00eame pu participer aux rencontres de Sarrant le 8 juin. El\u00e8ves et familles ont \u00e9t\u00e9 enchant\u00e9s des animations et activit\u00e9s propos\u00e9es au cours de cet apr\u00e8s-midi.<\/p>\n\n\n\n<hr class=\"wp-block-separator has-alpha-channel-opacity\"\/>\n\n\n<div class=\"wp-block-image\">\n<figure class=\"aligncenter size-full\"><img loading=\"lazy\" decoding=\"async\" width=\"710\" height=\"239\" src=\"https:\/\/tatoulu.org\/wp-content\/uploads\/photo-article-I-J.jpg\" alt=\"\" class=\"wp-image-1856\" srcset=\"https:\/\/tatoulu.org\/wp-content\/uploads\/photo-article-I-J.jpg 710w, https:\/\/tatoulu.org\/wp-content\/uploads\/photo-article-I-J-300x101.jpg 300w\" sizes=\"auto, (max-width: 710px) 85vw, 710px\" \/><\/figure>\n<\/div>\n\n\n<hr class=\"wp-block-separator has-alpha-channel-opacity\"\/>\n\n\n\n<p>Avec le prix Tatoulu, l\u2019oral est \u00e0 l\u2019honneur : oser prendre la parole, \u00e9couter les autres et notamment prendre conscience que d\u2019autres points de vue, d\u2019autres interpr\u00e9tations alimentent la r\u00e9flexion de tous.<\/p>\n\n\n\n<p>C\u2019est \u00e9galement l\u2019occasion de faire la diff\u00e9rence entre exprimer un ressenti, une \u00e9motion et formuler une hypoth\u00e8se, \u00e9mettre une id\u00e9e, argumenter et expliquer aux autres son interpr\u00e9tation. Le CDI est davantage encore un espace social dans lequel les \u00e9changes et discussions par le biais des lectures lib\u00e8rent la parole.<\/p>\n\n\n\n<hr class=\"wp-block-separator has-alpha-channel-opacity\"\/>\n\n\n\n<p>Je retente l\u2019aventure cette ann\u00e9e. Depuis la rentr\u00e9e, nombreux sont les \u00e9l\u00e8ves et les adultes qui me demandent \u00ab C\u2019est quand la prochaine r\u00e9union Tatoulu ? \u00bb.<\/p>\n\n\n\n<p>Premi\u00e8re r\u00e9union, la semaine avant les vacances de Toussaint ; et si l\u2019effectif est cons\u00e9quent j\u2019esp\u00e8re proposer aux \u00e9l\u00e8ves une rencontre avec un auteur des<br>s\u00e9lections ou un atelier avec un intervenant de l\u2019association Tatoulu.<\/p>\n\n\n\n<hr class=\"wp-block-separator has-alpha-channel-opacity\"\/>\n\n\n\n<p class=\"has-text-align-right\"><em>Isabelle Juan<\/em><\/p>\n\n\n\n<p class=\"has-medium-font-size\"><em><a href=\"https:\/\/tatoulu.org\/wp-content\/uploads\/Temoignage-prof-2024.pdf\">T\u00e9l\u00e9charger la version compl\u00e8te de l&rsquo;article (fichier pdf)<\/a><\/em><\/p>\n\n\n\n<p><\/p>\n","protected":false},"excerpt":{"rendered":"<p>Octobre 2024. Je suis en poste \u00e0 Agen, \u00e0 mi-temps dans un coll\u00e8ge et \u00e0 mi-temps dans un lyc\u00e9e. J\u2019ai rejoint Tatoulu en 2017 au lyc\u00e9e, gr\u00e2ce \u00e0 une professeur de lettres qui fait participer ses classes au prix (dont une classe de 1\u00e8re). J\u2019ai cr\u00e9\u00e9 en parall\u00e8le un club \u00ab d\u00e9jeunons Tatoulu \u00bb ouvert &hellip; <a href=\"https:\/\/tatoulu.org\/index.php\/temoignage-dune-prof-documentaliste\/\" class=\"more-link\">Continuer la lecture<span class=\"screen-reader-text\"> de &laquo;&nbsp;T\u00e9moignage d&rsquo;une prof documentaliste&nbsp;&raquo;<\/span><\/a><\/p>\n","protected":false},"author":5,"featured_media":0,"parent":0,"menu_order":0,"comment_status":"closed","ping_status":"closed","template":"","meta":{"footnotes":""},"class_list":["post-1838","page","type-page","status-publish","hentry"],"_links":{"self":[{"href":"https:\/\/tatoulu.org\/index.php\/wp-json\/wp\/v2\/pages\/1838","targetHints":{"allow":["GET"]}}],"collection":[{"href":"https:\/\/tatoulu.org\/index.php\/wp-json\/wp\/v2\/pages"}],"about":[{"href":"https:\/\/tatoulu.org\/index.php\/wp-json\/wp\/v2\/types\/page"}],"author":[{"embeddable":true,"href":"https:\/\/tatoulu.org\/index.php\/wp-json\/wp\/v2\/users\/5"}],"replies":[{"embeddable":true,"href":"https:\/\/tatoulu.org\/index.php\/wp-json\/wp\/v2\/comments?post=1838"}],"version-history":[{"count":19,"href":"https:\/\/tatoulu.org\/index.php\/wp-json\/wp\/v2\/pages\/1838\/revisions"}],"predecessor-version":[{"id":1860,"href":"https:\/\/tatoulu.org\/index.php\/wp-json\/wp\/v2\/pages\/1838\/revisions\/1860"}],"wp:attachment":[{"href":"https:\/\/tatoulu.org\/index.php\/wp-json\/wp\/v2\/media?parent=1838"}],"curies":[{"name":"wp","href":"https:\/\/api.w.org\/{rel}","templated":true}]}}