

{"id":1959,"date":"2025-04-04T21:47:02","date_gmt":"2025-04-04T19:47:02","guid":{"rendered":"https:\/\/tatoulu.org\/?page_id=1959"},"modified":"2025-04-06T19:29:32","modified_gmt":"2025-04-06T17:29:32","slug":"tatoulu-a-la-salle-felix-aunac","status":"publish","type":"page","link":"https:\/\/tatoulu.org\/index.php\/tatoulu-a-la-salle-felix-aunac\/","title":{"rendered":"Tatoulu \u00e0 La Salle &#8211; F\u00e9lix Aunac"},"content":{"rendered":"\n<p><em>Janvier 2025<\/em><\/p>\n\n\n\n<h2 class=\"wp-block-heading\"><em>En primaire, premier d\u00e9bat pour les CP<\/em><\/h2>\n\n\n<div class=\"wp-block-image\">\n<figure class=\"alignleft size-large is-resized\"><img loading=\"lazy\" decoding=\"async\" width=\"790\" height=\"1024\" src=\"https:\/\/tatoulu.org\/wp-content\/uploads\/o-790x1024.jpg\" alt=\"\" class=\"wp-image-1967\" style=\"width:142px;height:auto\" srcset=\"https:\/\/tatoulu.org\/wp-content\/uploads\/o-790x1024.jpg 790w, https:\/\/tatoulu.org\/wp-content\/uploads\/o-231x300.jpg 231w, https:\/\/tatoulu.org\/wp-content\/uploads\/o-768x996.jpg 768w, https:\/\/tatoulu.org\/wp-content\/uploads\/o.jpg 1000w\" sizes=\"auto, (max-width: 790px) 85vw, 790px\" \/><\/figure>\n<\/div>\n\n\n<p class=\"has-medium-font-size\">Mardi 28 janvier, nous avons particip\u00e9 \u00e0 notre premier d\u00e9bat litt\u00e9raire autour de l&rsquo;album intitul\u00e9 \u00ab\u00a0\u00d6\u00a0\u00bb de Guridi.&nbsp;<\/p>\n\n\n\n<p>Chaque \u00e9l\u00e8ve de la classe a eu la possibilit\u00e9 de prendre l&rsquo;album chez lui afin de le lire ou de le regarder car SURPRISE !! il n&rsquo;y avait aucun texte mais juste des illustrations.&nbsp;<\/p>\n\n\n\n<p>Chacun a produit un \u00e9crit (une phrase, un texte) sur son ressenti ou sur ce qu&rsquo;il avait aim\u00e9 ou non.&nbsp;<\/p>\n\n\n\n<p>Nous avons \u00e9cout\u00e9 l&rsquo;histoire \u00e9crite par une \u00e9l\u00e8ve puis nous avons \u00e9chang\u00e9 sur diverses questions :&nbsp;<\/p>\n\n\n\n<p>&#8211; Certains ont aim\u00e9 le livre car l&rsquo;absence de texte leur permettait de tout imaginer alors que d&rsquo;autres ont \u00e9t\u00e9 g\u00ean\u00e9s par cette absence, avec rien \u00e0 lire en d\u00e9finitive.<\/p>\n\n\n\n<p>&#8211; Les illustrations ont \u00e9t\u00e9 d\u00e9crypt\u00e9es et certains pensent que le livre a \u00e9t\u00e9 \u00e9crit il y a tr\u00e8s longtemps car il est principalement en noir et blanc. Les autres pensent que le noir correspond \u00e0 la couleur de l&rsquo;ours et des diff\u00e9rents \u00e9l\u00e9ments et que le blanc repr\u00e9sente la neige et l&rsquo;hiver.<\/p>\n\n\n\n<p>Ce fut un peu difficile pour certains car il fallait prendre la parole devant toute la classe install\u00e9e en cercle mais au final, chacun a particip\u00e9 \u00e0 sa hauteur et ce fut tr\u00e8s int\u00e9ressant d&rsquo;entendre les diff\u00e9rents points de vue des uns et des autres.<\/p>\n\n\n<div class=\"wp-block-image\">\n<figure class=\"aligncenter size-large\"><img loading=\"lazy\" decoding=\"async\" width=\"1024\" height=\"1024\" src=\"https:\/\/tatoulu.org\/wp-content\/uploads\/Montage-photos-CP-1024x1024.png\" alt=\"\" class=\"wp-image-1969\" srcset=\"https:\/\/tatoulu.org\/wp-content\/uploads\/Montage-photos-CP-1024x1024.png 1024w, https:\/\/tatoulu.org\/wp-content\/uploads\/Montage-photos-CP-300x300.png 300w, https:\/\/tatoulu.org\/wp-content\/uploads\/Montage-photos-CP-150x150.png 150w, https:\/\/tatoulu.org\/wp-content\/uploads\/Montage-photos-CP-768x768.png 768w, https:\/\/tatoulu.org\/wp-content\/uploads\/Montage-photos-CP.png 1080w\" sizes=\"auto, (max-width: 709px) 85vw, (max-width: 909px) 67vw, (max-width: 1362px) 62vw, 840px\" \/><\/figure>\n<\/div>\n\n\n<h2 class=\"wp-block-heading\">Et au coll\u00e8ge, le club Tatoulu &#8230;<\/h2>\n\n\n\n<p class=\"has-medium-font-size\">Le groupe \u00ab\u00a0M\u00e9dia\u00a0\u00bb de 3\u00e8me a publi\u00e9 un montage sur le compte Instagram du coll\u00e8ge pour raconter la vie du club.<\/p>\n\n\n\n<figure class=\"wp-block-video aligncenter\"><video height=\"1080\" style=\"aspect-ratio: 1080 \/ 1080;\" width=\"1080\" controls src=\"https:\/\/tatoulu.org\/wp-content\/uploads\/Le-club-Tatoulu-de-Felix-Aunac.mp4\"><\/video><\/figure>\n\n\n\n<hr class=\"wp-block-separator has-alpha-channel-opacity\"\/>\n\n\n\n<p><em>Isabelle Juan, professeur &#8211; documentaliste de l&rsquo;institution La Salle &#8211; F\u00e9lix Aunac <\/em><\/p>\n","protected":false},"excerpt":{"rendered":"<p>Janvier 2025 En primaire, premier d\u00e9bat pour les CP Mardi 28 janvier, nous avons particip\u00e9 \u00e0 notre premier d\u00e9bat litt\u00e9raire autour de l&rsquo;album intitul\u00e9 \u00ab\u00a0\u00d6\u00a0\u00bb de Guridi.&nbsp; Chaque \u00e9l\u00e8ve de la classe a eu la possibilit\u00e9 de prendre l&rsquo;album chez lui afin de le lire ou de le regarder car SURPRISE !! il n&rsquo;y avait &hellip; <a href=\"https:\/\/tatoulu.org\/index.php\/tatoulu-a-la-salle-felix-aunac\/\" class=\"more-link\">Continuer la lecture<span class=\"screen-reader-text\"> de &laquo;&nbsp;Tatoulu \u00e0 La Salle &#8211; F\u00e9lix Aunac&nbsp;&raquo;<\/span><\/a><\/p>\n","protected":false},"author":5,"featured_media":0,"parent":0,"menu_order":0,"comment_status":"closed","ping_status":"closed","template":"","meta":{"footnotes":""},"class_list":["post-1959","page","type-page","status-publish","hentry"],"_links":{"self":[{"href":"https:\/\/tatoulu.org\/index.php\/wp-json\/wp\/v2\/pages\/1959","targetHints":{"allow":["GET"]}}],"collection":[{"href":"https:\/\/tatoulu.org\/index.php\/wp-json\/wp\/v2\/pages"}],"about":[{"href":"https:\/\/tatoulu.org\/index.php\/wp-json\/wp\/v2\/types\/page"}],"author":[{"embeddable":true,"href":"https:\/\/tatoulu.org\/index.php\/wp-json\/wp\/v2\/users\/5"}],"replies":[{"embeddable":true,"href":"https:\/\/tatoulu.org\/index.php\/wp-json\/wp\/v2\/comments?post=1959"}],"version-history":[{"count":15,"href":"https:\/\/tatoulu.org\/index.php\/wp-json\/wp\/v2\/pages\/1959\/revisions"}],"predecessor-version":[{"id":1981,"href":"https:\/\/tatoulu.org\/index.php\/wp-json\/wp\/v2\/pages\/1959\/revisions\/1981"}],"wp:attachment":[{"href":"https:\/\/tatoulu.org\/index.php\/wp-json\/wp\/v2\/media?parent=1959"}],"curies":[{"name":"wp","href":"https:\/\/api.w.org\/{rel}","templated":true}]}}