

{"id":674,"date":"2021-01-09T15:55:57","date_gmt":"2021-01-09T14:55:57","guid":{"rendered":"http:\/\/tatoulu.org\/?page_id=674"},"modified":"2021-01-09T15:55:57","modified_gmt":"2021-01-09T14:55:57","slug":"selections-prix-2011","status":"publish","type":"page","link":"https:\/\/tatoulu.org\/index.php\/selections-prix-2011\/","title":{"rendered":"S\u00e9lections prix 2011"},"content":{"rendered":"\n<p>Voici les livres qui ont \u00e9t\u00e9 s\u00e9lectionn\u00e9s pour le prix Tatoulu 2011 :<\/p>\n\n\n\n<p class=\"texte-rouge supp-marge-haute has-small-font-size\"><em>(les livres prim\u00e9s sont en rouge)<\/em><\/p>\n\n\n\n<!-- ROSE -->\n<div class=\"tab-categorie has-small-font-size\">\n<table>\n<tbody>\n<tr>\n<td colspan=\"2\" class=\"centrage fond-rose\">S\u00e9lection TATOU ROSE<\/td>\n<\/tr>\n<tr>\n<td class=\"centrage fond-rose\">Titre<\/td>\n<td class=\"centrage fond-rose\">Auteur<\/td>\n<\/tr>\n<tr>\n<td>Mon premier cauchemar <em>(Ed. Chocolat)<\/em><\/td>\n<td>Selma Mandine<\/td>\n<\/tr>\n<tr>\n<td class=\"texte-rouge\">Sinon &#8230;<em>(Ed. Ecole des loisirs)<\/em><\/td>\n<td class=\"texte-rouge\">Alice Bassi\u00e9 \/ Sylvain Diez<\/td>\n<\/tr>\n<tr>\n<td>C&rsquo;est pas grave <em>(Ed. Ecole des loisirs)<\/em><\/td>\n<td>Michel Van Zeveren<\/td>\n<\/tr>\n<tr>\n<td>B\u00eate comme ses pieds <em>(Ed. Ecole des loisirs)<\/em><\/td>\n<td>Jean-Fran\u00e7ois Dumont<\/td>\n<\/tr>\n<tr>\n<td>Lucie est partie <em>(Ed. Nord-Sud)<\/em><\/td>\n<td>S\u00e9bastien Loth<\/td>\n<\/tr>\n<tr>\n<td>Ni vu ni connu <em>(Ed. Frimousse)<\/em><\/td>\n<td>Micha\u00ebl Escoffier \/ Kris Di Giacomo<\/td>\n<\/tr>\n<\/tbody>\n<\/table>\n<\/div>\n\n\n\n<!-- JAUNE -->\n<div class=\"tab-categorie has-small-font-size\">\n<table>\n<tbody>\n<tr>\n<td colspan=\"2\" class=\"centrage fond-jaune\">S\u00e9lection TATOU JAUNE<\/td>\n<\/tr>\n<tr>\n<td class=\"centrage fond-jaune\">Titre<\/td>\n<td class=\"centrage fond-jaune\">Auteur<\/td>\n<\/tr>\n<tr>\n<td>Le petit train d&rsquo;Amidou <em>(Ed. Le Sorbier)<\/em><\/td>\n<td>Pep Molist \/ Emilio Uberuaga<\/td>\n<\/tr>\n<tr>\n<td class=\"texte-rouge\">Marl\u00e8ne Baleine <em>(Ed. Sarbacane)<\/em><\/td>\n<td class=\"texte-rouge\">Davide Cali Sonja Bougaeva<\/td>\n<\/tr>\n<tr>\n<td>Le gentil p&rsquo;tit lapin <em>(Ed. Ecole des loisirs)<\/em><\/td>\n<td>Micha\u00ebl Escoffier \/ El\u00e9onore Thuillier<\/td>\n<\/tr>\n<tr>\n<td>Il \u00e9tait plusieurs fois une for\u00eat <em>(Ed. Thierry Magnier)<\/em><\/td>\n<td>Elisa G\u00e9hin<\/td>\n<\/tr>\n<tr>\n<td>L&rsquo;un d&rsquo;entre eux <em>(Ed. La joie de lire)<\/em><\/td>\n<td>G\u00e9raldine Aliben<\/td>\n<\/tr>\n<tr>\n<td>Les grenouilles samoura\u00efs de l&rsquo;\u00e9tang des Genji <em>(Ed. Picquier Jeunesse)<\/em><\/td>\n<td>Kazumari Hino<\/td>\n<\/tr>\n<\/tbody>\n<\/table>\n<\/div>\n\n\n\n<!-- VERT -->\n<div class=\"tab-categorie has-small-font-size\">\n<table>\n<tbody>\n<tr>\n<td colspan=\"2\" class=\"centrage fond-vert\">S\u00e9lection TATOU VERT<\/td>\n<\/tr>\n<tr>\n<td class=\"centrage fond-vert\">Titre<\/td>\n<td class=\"centrage fond-vert\">Auteur<\/td>\n<\/tr>\n<tr>\n<td>Le petit gar\u00e7on qui ne souriait jamais <em>(Ed. Oc\u00e9an Jeunesse)<\/em><\/td>\n<td>Fabienne Jonca \/ Artem Kostyukevich<\/td>\n<\/tr>\n<tr>\n<td>La t\u00eate perdue de Mr Mue <em>(Ed. Sarbacane)<\/em><\/td>\n<td>Xabi M. Eric Giriat<\/td>\n<\/tr>\n<tr>\n<td>Billet retour <em>(Ed. Oc\u00e9an Jeunesse)<\/em><\/td>\n<td>Emmanuel Bourdier \/ Alejandro Galindo<\/td>\n<\/tr>\n<tr>\n<td>La cro\u00fbte <em>(Ed. P\u00e8re Castor)<\/em><\/td>\n<td>Charlotte Moundlic \/ Olivier Talec<\/td>\n<\/tr>\n<tr>\n<td class=\"texte-rouge\">Ce soir l\u00e0 <em>(Ed. Thierry Magnier)<\/em><\/td>\n<td class=\"texte-rouge\">Agn\u00e8s Lacor<\/td>\n<\/tr>\n<tr>\n<td>La petite taiseuse <em>(Ed. Na\u00efve)<\/em><\/td>\n<td>St\u00e9phanie Bonvicini \/ Marianne Ratier<\/td>\n<\/tr>\n<\/tbody>\n<\/table>\n<\/div>\n\n\n\n<!-- BLEU -->\n<div class=\"tab-categorie has-small-font-size\">\n<table>\n<tbody>\n<tr>\n<td colspan=\"2\" class=\"centrage fond-bleu\">S\u00e9lection TATOU BLEU<\/td>\n<\/tr>\n<tr>\n<td class=\"centrage fond-bleu\">Titre<\/td>\n<td class=\"centrage fond-bleu\">Auteur<\/td>\n<\/tr>\n<tr>\n<td class=\"texte-rouge\">Mon petit coeur imb\u00e9cile <em>(Ed. Ecole des loisirs)<\/em><\/td>\n<td class=\"texte-rouge\">Xavier-Laurent Petit<\/td>\n<\/tr>\n<tr>\n<td>Dieux <em>(Ed. l&rsquo;Edune)<\/em><\/td>\n<td>Thierry Dedieu \/ Thierry Murat<\/td>\n<\/tr>\n<tr>\n<td>Les lionnes <em>(Ed. Ecole des loisirs)<\/em><\/td>\n<td>Jean-Fran\u00e7ois Chabas<\/td>\n<\/tr>\n<tr>\n<td>Le miroir de la libert\u00e9 <em>(Ed. Seuil)<\/em><\/td>\n<td>Liliana Bodoc<\/td>\n<\/tr>\n<tr>\n<td>Silence et papillons <em>(Ed. Jasmin)<\/em><\/td>\n<td>Emmanuelle Delafraye<\/td>\n<\/tr>\n<tr>\n<td>Le m\u00e9tier de papa <em>(Ed. Zig Zag)<\/em><\/td>\n<td>Rachel Corenblit Nikol<\/td>\n<\/tr>\n<\/tbody>\n<\/table>\n<\/div>\n\n\n\n<!-- ROUGE -->\n<div class=\"tab-categorie has-small-font-size\">\n<table>\n<tbody>\n<tr>\n<td colspan=\"2\" class=\"centrage fond-rouge\">S\u00e9lection TATOU ROUGE<\/td>\n<\/tr>\n<tr>\n<td class=\"centrage fond-rouge\">Titre<\/td>\n<td class=\"centrage fond-rouge\">Auteur<\/td>\n<\/tr>\n<tr>\n<td>Le plus vieux de la classe <em>(Ed. du Rouergue)<\/em><\/td>\n<td>Ir\u00e8ne Cohen-Janca<\/td>\n<\/tr>\n<tr>\n<td>Le rire de Milo <em>(Ed. Actes sud)<\/em><\/td>\n<td>Eglal Errera<\/td>\n<\/tr>\n<tr>\n<td class=\"texte-rouge\">Malo de Lange, fils de voleur <em>(Ed. Ecole des loisirs)<\/em><\/td>\n<td class=\"texte-rouge\">Marie-Aude Murail<\/td>\n<\/tr>\n<tr>\n<td>C&rsquo;est l&rsquo;aventure <em>(Ed. Ecole des loisirs)<\/em><\/td>\n<td>Audren \/ Moka \/ Ch\u00e9rer \/ Lavachery \/ Obiegly<\/td>\n<\/tr>\n<tr>\n<td>Les soeurs Eden et le ma\u00eetre des loups <em>(Ed. Tourbillon)<\/em><\/td>\n<td>Lyn Gardner<\/td>\n<\/tr>\n<tr>\n<td>Cascades et gaufres \u00e0 gogo <em>(Ed. Thierry Magnier)<\/em><\/td>\n<td>Maria Parr<\/td>\n<\/tr>\n<\/tbody>\n<\/table>\n<\/div>\n\n\n\n<!-- BLANC-->\n<div class=\"tab-categorie has-small-font-size\">\n<table>\n<tbody>\n<tr>\n<td colspan=\"2\" class=\"centrage\">S\u00e9lection TATOU BLANC<\/td>\n<\/tr>\n<tr>\n<td class=\"centrage\">Titre<\/td>\n<td class=\"centrage\">Auteur<\/td>\n<\/tr>\n<tr>\n<td>Clara au pays des mots perdus <em>(Ed. Tertium)<\/em><\/td>\n<td>Jean-Yves Loude<\/td>\n<\/tr>\n<tr>\n<td>Ne plus vivre avec lui <em>(Ed. Mijade)<\/em><\/td>\n<td>Eva Kavian<\/td>\n<\/tr>\n<tr>\n<td>Je suis le chapeau <em>(Ed. DoAdo)<\/em><\/td>\n<td>Alex Cousseau<\/td>\n<\/tr>\n<tr>\n<td>Poil au nez <em>(Ed. DoAdo)<\/em><\/td>\n<td>C\u00e9cile Chartre<\/td>\n<\/tr>\n<tr>\n<td class=\"texte-rouge\">Dans les griffes du Klan <em>(Ed. Seuil Jeunesse)<\/em><\/td>\n<td class=\"texte-rouge\">St\u00e9phane Tamaillon<\/td>\n<\/tr>\n<tr>\n<td>Assassin ! <em>(Ed. Mango)<\/em><\/td>\n<td>B Nicod\u00e8me<\/td>\n<\/tr>\n<\/tbody>\n<\/table>\n<\/div>\n\n\n\n<!-- NOIR -->\n<div class=\"tab-categorie has-small-font-size\">\n<table>\n<tbody>\n<tr>\n<td colspan=\"2\" class=\"centrage fond-noir\">S\u00e9lection TATOU NOIR<\/td>\n<\/tr>\n<tr>\n<td class=\"centrage fond-noir\">Titre<\/td>\n<td class=\"centrage fond-noir\">Auteur<\/td>\n<\/tr>\n<tr>\n<td>Berlin 73 <em>(Ed. Gulf Stream)<\/em><\/td>\n<td>Marie-Florence Ehret<\/td>\n<\/tr>\n<tr>\n<td>Zone cingl\u00e9e <em>(Ed. Sarbacane)<\/em><\/td>\n<td>Kaoutar Harchi<\/td>\n<\/tr>\n<tr>\n<td>Je t&rsquo;\u00e9cris du pont <em>(Ed. Oc\u00e9an Ados)<\/em><\/td>\n<td>Jo\u00eblle Ecormier<\/td>\n<\/tr>\n<tr>\n<td>Le monde attend derri\u00e8re la porte <em>(Ed. Thierry Magnier)<\/em><\/td>\n<td>Pascale Maret<\/td>\n<\/tr>\n<tr>\n<td>Le b\u00e2tard de l&rsquo;espace <em>(Ed. Thierry Magnier)<\/em><\/td>\n<td>Colin Thivert<\/td>\n<\/tr>\n<tr>\n<td class=\"texte-rouge\">Les carc\u00e9rales <em>(Ed. Milan)<\/em><\/td>\n<td class=\"texte-rouge\">Magali Wiener<\/td>\n<\/tr>\n<\/tbody>\n<\/table>\n<\/div>\n","protected":false},"excerpt":{"rendered":"<p>Voici les livres qui ont \u00e9t\u00e9 s\u00e9lectionn\u00e9s pour le prix Tatoulu 2011 : (les livres prim\u00e9s sont en rouge) S\u00e9lection TATOU ROSE Titre Auteur Mon premier cauchemar (Ed. Chocolat) Selma Mandine Sinon &#8230;(Ed. Ecole des loisirs) Alice Bassi\u00e9 \/ Sylvain Diez C&rsquo;est pas grave (Ed. Ecole des loisirs) Michel Van Zeveren B\u00eate comme ses pieds &hellip; <a href=\"https:\/\/tatoulu.org\/index.php\/selections-prix-2011\/\" class=\"more-link\">Continuer la lecture<span class=\"screen-reader-text\"> de &laquo;&nbsp;S\u00e9lections prix 2011&nbsp;&raquo;<\/span><\/a><\/p>\n","protected":false},"author":5,"featured_media":0,"parent":0,"menu_order":0,"comment_status":"closed","ping_status":"closed","template":"","meta":{"footnotes":""},"class_list":["post-674","page","type-page","status-publish","hentry"],"_links":{"self":[{"href":"https:\/\/tatoulu.org\/index.php\/wp-json\/wp\/v2\/pages\/674","targetHints":{"allow":["GET"]}}],"collection":[{"href":"https:\/\/tatoulu.org\/index.php\/wp-json\/wp\/v2\/pages"}],"about":[{"href":"https:\/\/tatoulu.org\/index.php\/wp-json\/wp\/v2\/types\/page"}],"author":[{"embeddable":true,"href":"https:\/\/tatoulu.org\/index.php\/wp-json\/wp\/v2\/users\/5"}],"replies":[{"embeddable":true,"href":"https:\/\/tatoulu.org\/index.php\/wp-json\/wp\/v2\/comments?post=674"}],"version-history":[{"count":17,"href":"https:\/\/tatoulu.org\/index.php\/wp-json\/wp\/v2\/pages\/674\/revisions"}],"predecessor-version":[{"id":708,"href":"https:\/\/tatoulu.org\/index.php\/wp-json\/wp\/v2\/pages\/674\/revisions\/708"}],"wp:attachment":[{"href":"https:\/\/tatoulu.org\/index.php\/wp-json\/wp\/v2\/media?parent=674"}],"curies":[{"name":"wp","href":"https:\/\/api.w.org\/{rel}","templated":true}]}}